{"id":87444,"date":"2024-10-16T14:57:35","date_gmt":"2024-10-16T12:57:35","guid":{"rendered":"https:\/\/gimasur.es\/vers-de-bois\/"},"modified":"2025-03-20T23:21:10","modified_gmt":"2025-03-20T22:21:10","slug":"vers-de-bois","status":"publish","type":"page","link":"https:\/\/gimasur.es\/fr\/vers-de-bois\/","title":{"rendered":"Vers de bois"},"content":{"rendered":"<p>[et_pb_section fb_built=\u00a0\u00bb1&Prime; admin_label=\u00a0\u00bbsection\u00a0\u00bb _builder_version=\u00a0\u00bb4.16&Prime; global_colors_info=\u00a0\u00bb{}\u00a0\u00bb][et_pb_row admin_label=\u00a0\u00bbrang\u00e9e\u00a0\u00bb _builder_version=\u00a0\u00bb4.16&Prime; background_size=\u00a0\u00bbinitial\u00a0\u00bb background_position=\u00a0\u00bbtop_left\u00a0\u00bb background_repeat=\u00a0\u00bbrepeat\u00a0\u00bb global_colors_info=\u00a0\u00bb{}\u00a0\u00bb][et_pb_column type=\u00a0\u00bb4_4&Prime; _builder_version=\u00a0\u00bb4.16&Prime; custom_padding=\u00a0\u00bb|||\u00a0\u00bb global_colors_info=\u00a0\u00bb{}\u00a0\u00bb custom_padding__hover=\u00a0\u00bb|||\u00a0\u00bb][et_pb_text admin_label=\u00a0\u00bbText\u00a0\u00bb _builder_version=\u00a0\u00bb4.16&Prime; background_size=\u00a0\u00bbinitial\u00a0\u00bb background_position=\u00a0\u00bbtop_left\u00a0\u00bb background_repeat=\u00a0\u00bbrepeat\u00a0\u00bb global_colors_info=\u00a0\u00bb{}\u00a0\u00bb]<\/p>\n\r\n<div class=\"wp-block-columns colu is-layout-flex wp-container-core-columns-is-layout-8f761849 wp-block-columns-is-layout-flex\">\r\n<div><strong>Yago esta era la url antigua (coipa que hizo Seryi): https:\/\/<span style=\"color: #ff0000;\">pruebas.seryito1.es<\/span>\/control-plagas\/eliminar-carcoma\/<\/strong><\/div>\r\n<div>\u00a0<\/div>\r\n<div>\u00a0<\/div>\r\n<div class=\"wp-block-column\">Las\u00a0carcomas, tambi\u00e9n denominadas\u00a0<strong>polillas<\/strong>\u00a0o\u00a0<strong>polillas de la madera<\/strong>, la podemos identificar cuando detectamos agujeros en muebles de madera y serr\u00edn en sus posos, por lo que podemos no detectar el problema hasta que se hace visible y en estos casos es imprescindible actuar de inmediato para eliminar la carcoma por completo.<\/div>\r\n<div>\u00a0<\/div>\r\n<div class=\"wp-block-column\">Como curiosidad, el problema de la carcoma preferentemente se ve atra\u00edda por las maderas mas blandas, por lo que las maderas j\u00f3venes o demasiadas viejas suelen ser ignoradas por esta plaga. Aunque siempre queda la posibilidad, por lo que, desde Gimasur, siempre recomendamos que se acuda a un profesional cuando se hacen presentes ciertos indicios.<\/div>\r\n<\/div>\r\n<div>\u00a0<\/div>\r\n<div><span style=\"color: #99cc00;\">Imagen carcoma\u00a0<\/span><\/div>\r\n<div class=\"wp-block-columns\">\r\n<div class=\"wp-block-column\">&#13;\n<h2 class=\"wp-block-heading has-text-color\"><strong>Probl\u00e8mes avec les vers \u00e0 bois ?<\/strong>  Nous les r\u00e9solvons pour vous !<\/h2>&#13;\n\r\n<div class=\"wp-block-spacer\" aria-hidden=\"true\">\r\n<p>Las carcomas son insectos xil\u00f3fagos que se alimentan de la celulosa de la madera y de otros materiales que la contengan (libros, etc). Si no se detecta a tiempo, la presencia de carcomas en la madera puede provocar graves da\u00f1os tanto en mobiliario como en elementos estructurales.<\/p>\r\n<\/div>\r\n<\/div>\r\n<\/div>\r\n\r\n<div class=\"wp-block-columns colu is-layout-flex wp-container-core-columns-is-layout-8f761849 wp-block-columns-is-layout-flex\">\r\n<div class=\"wp-block-column is-layout-flow wp-block-column-is-layout-flow\">&#13;\n<h2 class=\"wp-block-heading\">Signes d&rsquo;infestation par la vrillette<\/h2>&#13;\n\r\n\r\nTodas las especies de\u00a0carcomas\u00a0dejan <strong>indicios de su presencia<\/strong>, por lo que podriamos detectar la plaga con facilidad con las siguientes evidencias: \r\n\r\n\r\n<ul class=\"wp-block-list\">&#13;\n<li>Les trous de sortie, qui, selon l&rsquo;esp\u00e8ce, seront ronds ou ovales.<\/li>&#13;\n\r\n\r\n&#13;\n<li>Tunnels ou galeries, parfois visibles s&rsquo;ils sont tr\u00e8s peu profonds.<\/li>&#13;\n<li>Les sp\u00e9cimens vivants, petits col\u00e9opt\u00e8res brun fonc\u00e9, sont perch\u00e9s sur les murs ou leurs carcasses.<\/li>&#13;\n<li>Bruits dans le bois.<\/li>&#13;\n<li>Les larves sont visibles si les galeries sont tr\u00e8s peu profondes.<\/li>&#13;\n\r\n\r\n&#13;\n<li>Petites accumulations de poussi\u00e8re et de sciure.<\/li>&#13;\n\r\n\r\n&#13;\n<li>Aspect ancien du bois affect\u00e9.<\/li>&#13;\n\r\n\r\n&#13;\n<li>Fissures et dommages aux coins ou aux bords des poutres, des meubles ou des planchers.<\/li>&#13;\n\r\n\r\n<\/ul>\r\n<p>Por tanto, si tienes un mueble con agujeros peque\u00f1os, polvo debajo y cada vez que limpias, vuelve a aparecer en pocos minutos; puede ser carcoma. Existen sparys que no dan muy buen resultado, la verdad. Ya que las larvas de carcoma estan alojadas mas adentro de la madera.<\/p>\r\n<p>Lo ideal es llamar a una empresa como <strong>Gimasur.<\/strong> Usamos un tratamientos con gas fumigante quimico que acaba por completo con el probolema.<\/p>\r\n\r\n\r\n\r\n\r\n&#13;\n<h2 class=\"wp-block-heading\">Types de xylophages en Andalousie<\/h2>&#13;\n\r\n\r\nLa carcoma son insectos pertenecientes a la familia de los escarabajos (Orden Coleoptera), denominados <strong>comedores de madera<\/strong> o xil\u00f3fagos, del lat\u00edn xilo (madera) y fago (comer). \r\n\r\nCuando la carcoma se convierte en escarabajo adulto, depositara sus huevos en <strong>objetos de madera<\/strong>. Estas larvas se alimentar\u00e1n de esta madera durante el resto de su vida, continuando su ciclo de vida dentro del mueble. Estas plagas pueden estar carentes de indicios visibles durante a\u00f1os, provocando graves problemas estructurales en el mobiliario. \r\n\r\nEn Andaluc\u00eda nos podemos encontrar con <strong>tres\u00a0tipos de carcoma<\/strong>: An\u00f3bidos, L\u00edctidos y Ceramb\u00edcidos. Es esencial conocer cada tipo de carcoma para determinar el tratamiento m\u00e1s adecuado, por lo que siempre se debe de <a href=\"https:\/\/gimasur.es\/contacto\/\" target=\"_blank\" rel=\"noopener\" data-type=\"URL\" data-id=\"https:\/\/pruebas.seryito1.es\/tratamientos\/tratamientos-de-madera\/\">acudir a profesionales con experiencia<\/a>: \r\n\r\n\r\n\r\n&#13;\n<h3 class=\"wp-block-heading\">Les anobid\u00e9s ou la vrillette commune (Anobium punctatum) :<\/h3>&#13;\n\r\n\r\n\r\n<ul class=\"wp-block-list\">&#13;\n<li>Longueur : 2,5-5 mm.<\/li>&#13;\n\r\n\r\n&#13;\n<li>Couleur rouge-brun.<\/li>&#13;\n\r\n\r\n&#13;\n<li>La disposition de la t\u00eate est tourn\u00e9e vers le bas, recouverte par le pronotum.<\/li>&#13;\n\r\n\r\n&#13;\n<li>La sortie des m\u00e2les g\u00e9n\u00e8re des trous ronds de 1 \u00e0 2 cm de diam\u00e8tre.<\/li>&#13;\n\r\n\r\n&#13;\n<li>Les \u0153ufs \u00e9closent dans le bois en 4 \u00e0 5 semaines.<\/li>&#13;\n\r\n\r\n&#13;\n<li>Le cycle complet peut durer 2 \u00e0 3 ans. Les adultes \u00e9mergent entre avril et ao\u00fbt. <\/li>&#13;\n\r\n\r\n&#13;\n<li>Ils s&rsquo;attaquent \u00e0 tous les types de bois, mais ont une pr\u00e9f\u00e9rence pour les conif\u00e8res et les bois durs.<\/li>&#13;\n<\/ul>\r\n\r\n\r\n&#13;\n<h3 class=\"wp-block-heading\">Les c\u00e9rambycid\u00e9s ou grands vers de bois (Capricorne ou Hylotrupes Bajulus) :<\/h3>&#13;\n\r\n\r\n\r\n<ul class=\"wp-block-list\">&#13;\n<li>Longueur : 10-20 mm.<\/li>&#13;\n\r\n\r\n&#13;\n<li>Marron ou noir.<\/li>&#13;\n\r\n\r\n&#13;\n<li>Longues antennes.<\/li>&#13;\n\r\n\r\n&#13;\n<li>Les trous de sortie sont ovales de 3 \u00e0 7 mm et la sciure qu&rsquo;ils g\u00e9n\u00e8rent est grossi\u00e8re.<\/li>&#13;\n\r\n\r\n&#13;\n<li>Les \u0153ufs \u00e9closent au bout d&rsquo;environ 14 jours.<\/li>&#13;\n\r\n\r\n&#13;\n<li>Le cycle de vie peut durer de 2 \u00e0 12 ans.<\/li>&#13;\n\r\n\r\n&#13;\n<li>L&rsquo;\u00e9mergence des adultes a lieu entre juillet et septembre.<\/li>&#13;\n\r\n\r\n&#13;\n<li>Les d\u00e9g\u00e2ts caus\u00e9s par cette esp\u00e8ce s&rsquo;attaquent au bois de charpente et aux terrasses, avec une pr\u00e9f\u00e9rence pour le bois de conif\u00e8re.<\/li>&#13;\n\r\n\r\n&#13;\n<li>Elle provoque souvent des dommages irr\u00e9versibles.<\/li>&#13;\n<\/ul>\r\n\r\n\r\n&#13;\n<h3 class=\"wp-block-heading\">Lyctidae ou pyrale des bois (Lyctus Brunneus et Lyctus Lineaeris) :<\/h3>&#13;\n\r\n\r\n\r\n<ul class=\"wp-block-list\">&#13;\n<li>Larves blanch\u00e2tres et arqu\u00e9es.<\/li>&#13;\n\r\n\r\n&#13;\n<li>Longueur de l&rsquo;adulte 2-6 mm, \u00e9troit et allong\u00e9.<\/li>&#13;\n\r\n\r\n&#13;\n<li>Couleur marron.<\/li>&#13;\n\r\n\r\n&#13;\n<li>Trous de sortie circulaires de 1 \u00e0 2 mm de diam\u00e8tre.<\/li>&#13;\n\r\n\r\n&#13;\n<li>Sciure de bois tr\u00e8s fine.<\/li>&#13;\n\r\n\r\n&#13;\n<li>Le cycle de vie peut durer un an.<\/li>&#13;\n\r\n\r\n&#13;\n<li>L&rsquo;\u00e9mergence des adultes a lieu en mars-avril et en octobre-novembre.<\/li>&#13;\n\r\n\r\n&#13;\n<li>Ils s&rsquo;attaquent au bois tendre et au bois \u00e0 forte teneur en humidit\u00e9 (10 \u00e0 30 %).<\/li>&#13;\n\r\n\r\n&#13;\n<li>Endommage les parquets et les contreplaqu\u00e9s.<\/li>&#13;\n<\/ul>\r\n\r\n\r\n\r\n\r\n&#13;\n<h2 class=\"wp-block-heading\">Diff\u00e9rences entre les vers de bois et les termites<\/h2>&#13;\n\r\n\r\n\u00bfTengo\u00a0<strong><a href=\"https:\/\/gimasur.es\/eliminar-termitas\/\" target=\"_blank\" rel=\"noopener\" data-type=\"URL\" data-id=\"https:\/\/pruebas.seryito1.es\/control-plagas\/termitas\/\">termitas<\/a> o carcoma<\/strong>? Lo m\u00e1s recomendable, es <a class=\"rank-math-link\" href=\"https:\/\/gimasur.es\/contacto\/\" target=\"_blank\" rel=\"noopener\">ponerse en manos de un especialista como Gimasur<\/a>, pero a pesar de todo, seguidamente se repasan una serie de indicios, que pueden ser de gran utilidad, para identificar la plaga. \r\n\r\n\r\n<ul class=\"wp-block-list\">&#13;\n<li>Le son produit par les termites n&rsquo;est pas audible sans l&rsquo;utilisation de la technologie. En revanche, le bruit des vers \u00e0 bois, s&rsquo;ils sont de grande taille, est <strong>facilement audible<\/strong>. <\/li>&#13;\n\r\n\r\n&#13;\n<li>Les d\u00e9g\u00e2ts caus\u00e9s par les vers \u00e0 bois sont g\u00e9n\u00e9ralement indiqu\u00e9s par les trous de sortie des adultes. Les termites, qui sont souterrains, ne font pas de trous de sortie. <\/li>&#13;\n\r\n\r\n&#13;\n<li>Il existe un type de termite, le termite de bois sec (Kalotermes flavicollis), qui fait de petits trous par lesquels il expulse des<strong>\u00ab\u00a0boulettes f\u00e9cales<\/strong>\u00ab\u00a0. Afin de ne pas confondre les trous de termites de bois sec avec les trous de xylophages, il est important d&rsquo;observer attentivement la texture des excr\u00e9ments. Les minuscules \u00ab\u00a0boulettes f\u00e9cales\u00a0\u00bb peuvent varier en couleur, mais leur forme est tr\u00e8s caract\u00e9ristique (semblable \u00e0 un petit grain de caf\u00e9). En revanche, les excr\u00e9ments des vers \u00e0 bois laissent g\u00e9n\u00e9ralement une <strong>sciure de bois tr\u00e8s fine<\/strong>.   <\/li>&#13;\n\r\n\r\n&#13;\n<li>Bien que les termites ressemblent \u00e0 des fourmis blanch\u00e2tres, ils ont six pattes, contrairement \u00e0 la larve de la vrillette, qui ne se trouve qu&rsquo;\u00e0 l&rsquo;int\u00e9rieur du bois et qui a la forme d&rsquo;un \u00ab\u00a0ver\u00a0\u00bb.<\/li>&#13;\n\r\n\r\n&#13;\n<li>La xylophage adulte, lorsqu&rsquo;elle sort du bois, ressemble \u00e0 un col\u00e9opt\u00e8re. Cependant, la \u00ab\u00a0sortie\u00a0\u00bb des termites vers l&rsquo;ext\u00e9rieur se fait g\u00e9n\u00e9ralement par <strong>essaimage<\/strong>, c&rsquo;est-\u00e0-dire qu&rsquo;ils sortent tous en m\u00eame temps et ressemblent davantage \u00e0 une \u00ab\u00a0fourmi ail\u00e9e\u00a0\u00bb ou \u00e0 une fourmi ail\u00e9e. <\/li>&#13;\n<\/ul>\r\n\r\n\r\n\r\n\r\n\r\n<h2 class=\"gb-headline gb-headline-f40cf467 gb-headline-text\">Risque d&rsquo;infestation par la vrillette<\/h2>\r\n\r\n\r\nEl <strong>principal peligro<\/strong> que conlleva la carcoma, debido a su alimentaci\u00f3n, es todo mobiliario o estructura de madera. Al desarrollar su ciclo de vida en el interior, aliment\u00e1ndose y creando galer\u00edas internas, actuando durante varios <strong>a\u00f1os sin ser detectado.<\/strong> \r\n\r\nLlegando a alcanzar su mayor gravedad, tras un largo periodo en el interior de la estructura o el mobiliario, al <strong>colapso y derrumbe<\/strong> de esta. \r\n\r\nQuitando el problema material, la carcoma no presenta perjuicios en la salud de los seres humanos.\r\n\r\n\r\n\r\n&#13;\n<h2 class=\"wp-block-heading\">Experts dans le traitement des infestations par les vers du bois<\/h2>&#13;\n\r\n\r\nNuestros t\u00e9cnicos expertos en madera, con una <strong>alta experiencia<\/strong>, realizar\u00e1n primeramente una minuciosa inspecci\u00f3n donde se determinar\u00e1 el <strong>tipo de\u00a0carcoma<\/strong>\u00a0que ha atacado a la madera, si a\u00fan tiene actividad y la gravedad del problema. Despu\u00e9s de detectar dichos factores, evaluar\u00e1n detalladamente cu\u00e1l es el mejor tratamiento que deber\u00eda realizar.\r\n\r\nDisponemos de <strong>t\u00e9cnicas y procedimientos muy eficaces<\/strong>, siempre usando <strong>productos homologados<\/strong> por las instituciones. Lo cual nos permite realizar tratamientos contra plagas\u00a0carcoma\u00a0en cualquier tipo de mueble, escultura o estructura de madera. \r\n\r\nSeg\u00fan el tipo de\u00a0carcoma, la gravedad del problema y el tipo de madera se podr\u00e1 realizar <strong>tratamiento de inyecci\u00f3n<\/strong>, <strong>tratamiento de pulverizaci\u00f3n<\/strong> o la combinaci\u00f3n de ambos. Cada tratamiento contar\u00e1 con su periodo de garant\u00eda, de hasta 3 a\u00f1os. \r\n\r\n\r\n\r\n&#13;\n<h2 class=\"wp-block-heading\">Traitement pour \u00e9liminer et contr\u00f4ler les vers \u00e0 bois<\/h2>&#13;\n\r\n\r\nNo dude en contactar con nosotros, trataremos y analizaremos su caso con individualidad y personalizaci\u00f3n. \r\n\r\n<\/div>\r\n\r\n\r\n\r\n<div class=\"wp-block-column is-layout-flow wp-block-column-is-layout-flow\">\u00a0<\/div>\r\n<\/div>\r\n<div class=\"wp-block-columns\">\r\n\r\n\r\n<div class=\"wp-block-column bloque-ayuda-plagas is-layout-flow wp-block-column-is-layout-flow\">&#13;\n<h3 class=\"wp-block-heading\">DEMANDER UNE INSPECTION POUR VOTRE MAISON OU VOTRE ENTREPRISE<\/h3>&#13;\n\r\n\r\nSi tiene un problema de carcoma y necesita ayuda, llame a <strong>Gimasur Ambiental al 958 07 44 44.<\/strong>\u00a0Le ofrecemos garant\u00eda del <strong>tratamiento de carcoma,<\/strong> asegur\u00e1ndole una buena relaci\u00f3n calidad-precio.<\/div>\r\n[\/et_pb_text][\/et_pb_column][\/et_pb_row][\/et_pb_section]","protected":false},"excerpt":{"rendered":"<p>Yago esta era la url antigua (coipa que hizo Seryi): https:\/\/pruebas.seryito1.es\/control-plagas\/eliminar-carcoma\/ \u00a0 \u00a0 Las\u00a0carcomas, tambi\u00e9n denominadas\u00a0polillas\u00a0o\u00a0polillas de la madera, la podemos identificar cuando detectamos agujeros en muebles de madera y serr\u00edn en sus posos, por lo que podemos no detectar el problema hasta que se hace visible y en estos casos es imprescindible actuar de [&hellip;]<\/p>\n","protected":false},"author":1,"featured_media":86840,"parent":0,"menu_order":0,"comment_status":"closed","ping_status":"closed","template":"","meta":{"_et_pb_use_builder":"on","_et_pb_old_content":"","_et_gb_content_width":"","inline_featured_image":false,"_joinchat":[],"footnotes":""},"tags":[],"class_list":["post-87444","page","type-page","status-publish","has-post-thumbnail","hentry"],"_links":{"self":[{"href":"https:\/\/gimasur.es\/fr\/wp-json\/wp\/v2\/pages\/87444","targetHints":{"allow":["GET"]}}],"collection":[{"href":"https:\/\/gimasur.es\/fr\/wp-json\/wp\/v2\/pages"}],"about":[{"href":"https:\/\/gimasur.es\/fr\/wp-json\/wp\/v2\/types\/page"}],"author":[{"embeddable":true,"href":"https:\/\/gimasur.es\/fr\/wp-json\/wp\/v2\/users\/1"}],"replies":[{"embeddable":true,"href":"https:\/\/gimasur.es\/fr\/wp-json\/wp\/v2\/comments?post=87444"}],"version-history":[{"count":0,"href":"https:\/\/gimasur.es\/fr\/wp-json\/wp\/v2\/pages\/87444\/revisions"}],"wp:featuredmedia":[{"embeddable":true,"href":"https:\/\/gimasur.es\/fr\/wp-json\/wp\/v2\/media\/86840"}],"wp:attachment":[{"href":"https:\/\/gimasur.es\/fr\/wp-json\/wp\/v2\/media?parent=87444"}],"wp:term":[{"taxonomy":"post_tag","embeddable":true,"href":"https:\/\/gimasur.es\/fr\/wp-json\/wp\/v2\/tags?post=87444"}],"curies":[{"name":"wp","href":"https:\/\/api.w.org\/{rel}","templated":true}]}}